{"id":2297,"date":"2015-05-07T18:54:44","date_gmt":"2015-05-07T17:54:44","guid":{"rendered":"http:\/\/www.nepsis.org\/fr\/evenements\/evenements-futurs\/nepsis-summer-festival\/"},"modified":"2015-11-23T17:52:55","modified_gmt":"2015-11-23T16:52:55","slug":"nepsis-summer-festival","status":"publish","type":"page","link":"https:\/\/www.nepsis.org\/fr\/evenements\/evenements-passes\/nepsis-summer-festival\/","title":{"rendered":"Nepsis Summer Festival"},"content":{"rendered":"<p>Din dorin\u0163a de a avea un eveniment \u00een care to\u0163i tinerii din toate fr\u0103\u0163iile NEPSIS s\u0103 se regaseasc\u0103, <span style=\"color: #000080;\"><strong>NEPSIS France<\/strong><\/span> \u00ee\u015fi propune sa organizeze fiecare an un festival dedicat tinerilor, in care diverse concursuri, activit\u0103\u0163i culturale \u015fi\/sau artistice sa pun\u0103 \u00een valoare talentele tinerilor no\u015ftri.<\/p>\n<p>Prima edi\u0163ie a acestui eveniment se organizeaz\u0103 anul acesta cu tema : <strong>\u201eMuzica Folk\u201d.<\/strong><br \/>\n<strong><span style=\"color: #000080;\">Pentru detalii vezi pagina evenimentului : <a style=\"color: #000080;\" href=\"http:\/\/www.nepsis.org\/activitati-culturale\/nepsis-summer-festival\/\" target=\"_blank\">NEPSIS SUMMER FESTIVAL 2015<\/a><\/span><\/strong><\/p>\n<p>&nbsp;<\/p>\n<p><span style=\"color: #808080;\">@NEPSIS France<\/span><\/p>\n<p><a href=\"http:\/\/www.nepsis.org\/wp-content\/uploads\/2015\/05\/apel-participare.jpg\" data-rel=\"lightbox-image-0\" data-rl_title=\"\" data-rl_caption=\"\" title=\"\"><img decoding=\"async\" loading=\"lazy\" class=\"aligncenter size-full wp-image-1667\" src=\"http:\/\/www.nepsis.org\/wp-content\/uploads\/2015\/05\/apel-participare.jpg\" alt=\"apel participare\" width=\"1600\" height=\"2133\" srcset=\"https:\/\/www.nepsis.org\/wp-content\/uploads\/2015\/05\/apel-participare.jpg 1600w, https:\/\/www.nepsis.org\/wp-content\/uploads\/2015\/05\/apel-participare-225x300.jpg 225w, https:\/\/www.nepsis.org\/wp-content\/uploads\/2015\/05\/apel-participare-768x1024.jpg 768w\" sizes=\"(max-width: 1600px) 100vw, 1600px\" \/><\/a><\/p>\n<p>&nbsp;<\/p>\n<p>&nbsp;<\/p>\n","protected":false},"excerpt":{"rendered":"<p>Din dorin\u0163a de a avea un eveniment \u00een care to\u0163i tinerii din toate fr\u0103\u0163iile NEPSIS s\u0103 se regaseasc\u0103, NEPSIS France \u00ee\u015fi propune sa organizeze fiecare an un festival dedicat tinerilor, in care diverse concursuri, activit\u0103\u0163i culturale \u015fi\/sau artistice sa pun\u0103 \u00een valoare talentele tinerilor no\u015ftri. Prima edi\u0163ie a acestui eveniment se organizeaz\u0103 anul acesta cu<a href=\"https:\/\/www.nepsis.org\/fr\/evenements\/evenements-passes\/nepsis-summer-festival\/\">[&#8230;]<\/a><\/p>\n","protected":false},"author":1,"featured_media":2298,"parent":2285,"menu_order":0,"comment_status":"open","ping_status":"closed","template":"","meta":{"rop_custom_images_group":[],"rop_custom_messages_group":[],"rop_publish_now":"initial","rop_publish_now_accounts":[],"rop_publish_now_history":[],"rop_publish_now_status":"pending","episode_type":"","audio_file":"","cover_image":"","cover_image_id":"","duration":"","filesize":"","date_recorded":"","explicit":"","block":"","itunes_episode_number":"","itunes_title":"","itunes_season_number":"","itunes_episode_type":"","filesize_raw":""},"_links":{"self":[{"href":"https:\/\/www.nepsis.org\/fr\/wp-json\/wp\/v2\/pages\/2297"}],"collection":[{"href":"https:\/\/www.nepsis.org\/fr\/wp-json\/wp\/v2\/pages"}],"about":[{"href":"https:\/\/www.nepsis.org\/fr\/wp-json\/wp\/v2\/types\/page"}],"author":[{"embeddable":true,"href":"https:\/\/www.nepsis.org\/fr\/wp-json\/wp\/v2\/users\/1"}],"replies":[{"embeddable":true,"href":"https:\/\/www.nepsis.org\/fr\/wp-json\/wp\/v2\/comments?post=2297"}],"version-history":[{"count":1,"href":"https:\/\/www.nepsis.org\/fr\/wp-json\/wp\/v2\/pages\/2297\/revisions"}],"predecessor-version":[{"id":2299,"href":"https:\/\/www.nepsis.org\/fr\/wp-json\/wp\/v2\/pages\/2297\/revisions\/2299"}],"up":[{"embeddable":true,"href":"https:\/\/www.nepsis.org\/fr\/wp-json\/wp\/v2\/pages\/2285"}],"wp:featuredmedia":[{"embeddable":true,"href":"https:\/\/www.nepsis.org\/fr\/wp-json\/wp\/v2\/media\/2298"}],"wp:attachment":[{"href":"https:\/\/www.nepsis.org\/fr\/wp-json\/wp\/v2\/media?parent=2297"}],"curies":[{"name":"wp","href":"https:\/\/api.w.org\/{rel}","templated":true}]}}