{"id":2293,"date":"2015-05-07T18:58:11","date_gmt":"2015-05-07T16:58:11","guid":{"rendered":"http:\/\/www.nepsis.org\/fr\/evenements\/evenements-futurs\/balului-tinerilor-2015\/"},"modified":"2016-10-20T16:35:29","modified_gmt":"2016-10-20T14:35:29","slug":"soiree-jeunes-2015","status":"publish","type":"page","link":"https:\/\/www.nepsis.org\/fr\/evenements\/evenements-passes\/soiree-jeunes-2015\/","title":{"rendered":"Soir\u00e9e Jeunes 2015"},"content":{"rendered":"<p>Anul acesta Asocia\u0163ia <span style=\"color: #333399;\"><strong>NEPSIS France<\/strong><\/span> organizeaz\u0103 \u00een premier\u0103 <strong>BALUL TINERILOR,<\/strong> un eveniment dedicat \u00een exclusivitate publicului cu v\u00e2rste cuprinse \u00eentre 18 si 30 de ani.<\/p>\n<p><strong>Tema Balului, pentru aceast\u0103 prim\u0103 edi\u0163ie este : \u201d Tradi\u0163ii \u015fi Folclor\u201d<\/strong><\/p>\n<p>&nbsp;<\/p>\n<p><span style=\"color: #000080;\"><strong>Pentru mai multe detalii, vezi pagina evenimentului :\u00a0<a style=\"color: #000080;\" href=\"http:\/\/www.nepsis.org\/activitati-culturale\/balul-tinerilor\/\" target=\"_blank\">BALUL TINERILOR 2015<\/a><\/strong><\/span><\/p>\n<p><span style=\"color: #808080;\">@NEPSIS Team<\/span><\/p>\n<p><a href=\"http:\/\/www.nepsis.org\/wp-content\/uploads\/2015\/05\/Image1.png\" data-rel=\"lightbox-image-0\" data-rl_title=\"\" data-rl_caption=\"\" title=\"\"><img decoding=\"async\" loading=\"lazy\" class=\" size-full wp-image-1723 alignleft\" src=\"http:\/\/www.nepsis.org\/wp-content\/uploads\/2015\/05\/Image1.png\" alt=\"Image1\" width=\"750\" height=\"1125\" srcset=\"https:\/\/www.nepsis.org\/wp-content\/uploads\/2015\/05\/Image1.png 750w, https:\/\/www.nepsis.org\/wp-content\/uploads\/2015\/05\/Image1-200x300.png 200w, https:\/\/www.nepsis.org\/wp-content\/uploads\/2015\/05\/Image1-683x1024.png 683w\" sizes=\"(max-width: 750px) 100vw, 750px\" \/><\/a><\/p>\n<p>&nbsp;<\/p>\n<p>&nbsp;<\/p>\n<p>&nbsp;<\/p>\n","protected":false},"excerpt":{"rendered":"<p>Anul acesta Asocia\u0163ia NEPSIS France organizeaz\u0103 \u00een premier\u0103 BALUL TINERILOR, un eveniment dedicat \u00een exclusivitate publicului cu v\u00e2rste cuprinse \u00eentre 18 si 30 de ani. Tema Balului, pentru aceast\u0103 prim\u0103 edi\u0163ie este : \u201d Tradi\u0163ii \u015fi Folclor\u201d &nbsp; Pentru mai multe detalii, vezi pagina evenimentului :\u00a0BALUL TINERILOR 2015 @NEPSIS Team &nbsp; &nbsp; &nbsp;<\/p>\n","protected":false},"author":1,"featured_media":0,"parent":2285,"menu_order":1,"comment_status":"open","ping_status":"closed","template":"","meta":{"rop_custom_images_group":[],"rop_custom_messages_group":[],"rop_publish_now":"initial","rop_publish_now_accounts":[],"rop_publish_now_history":[],"rop_publish_now_status":"pending","episode_type":"","audio_file":"","cover_image":"","cover_image_id":"","duration":"","filesize":"","date_recorded":"","explicit":"","block":"","itunes_episode_number":"","itunes_title":"","itunes_season_number":"","itunes_episode_type":"","filesize_raw":""},"_links":{"self":[{"href":"https:\/\/www.nepsis.org\/fr\/wp-json\/wp\/v2\/pages\/2293"}],"collection":[{"href":"https:\/\/www.nepsis.org\/fr\/wp-json\/wp\/v2\/pages"}],"about":[{"href":"https:\/\/www.nepsis.org\/fr\/wp-json\/wp\/v2\/types\/page"}],"author":[{"embeddable":true,"href":"https:\/\/www.nepsis.org\/fr\/wp-json\/wp\/v2\/users\/1"}],"replies":[{"embeddable":true,"href":"https:\/\/www.nepsis.org\/fr\/wp-json\/wp\/v2\/comments?post=2293"}],"version-history":[{"count":1,"href":"https:\/\/www.nepsis.org\/fr\/wp-json\/wp\/v2\/pages\/2293\/revisions"}],"predecessor-version":[{"id":2294,"href":"https:\/\/www.nepsis.org\/fr\/wp-json\/wp\/v2\/pages\/2293\/revisions\/2294"}],"up":[{"embeddable":true,"href":"https:\/\/www.nepsis.org\/fr\/wp-json\/wp\/v2\/pages\/2285"}],"wp:attachment":[{"href":"https:\/\/www.nepsis.org\/fr\/wp-json\/wp\/v2\/media?parent=2293"}],"curies":[{"name":"wp","href":"https:\/\/api.w.org\/{rel}","templated":true}]}}